{"id":4879,"date":"2019-10-17T15:16:31","date_gmt":"2019-10-17T15:16:31","guid":{"rendered":"https:\/\/www.fceqyn.unam.edu.ar\/mti\/?page_id=4879"},"modified":"2025-03-07T13:15:32","modified_gmt":"2025-03-07T13:15:32","slug":"egresadps","status":"publish","type":"page","link":"https:\/\/www.fceqyn.unam.edu.ar\/mti\/?page_id=4879","title":{"rendered":"Graduados"},"content":{"rendered":"<span class=\"collapseomatic \" id=\"id69f1df984334a\"  tabindex=\"0\" title=\"Mgter. Lucas Gabriel KUCUK\"    >Mgter. Lucas Gabriel KUCUK<\/span><span id='swap-id69f1df984334a'  class='colomat-swap' style='display:none;'>Mgter. Kucuk, Lucas Gabriel<\/span><div id=\"target-id69f1df984334a\" class=\"collapseomatic_content \">\nTema:  <a href=\"\/mti\/wp-content\/uploads\/TFM_Kucuk_Lucas.pdf\" target=\"_blank\" rel=\"noopener noreferrer\">\u00abMarco de trabajo para la evaluaci\u00f3n de usabilidad en objetos de aprendizajes basados en realidad aumentada\u00bb<\/a><br \/>\nDirector: Dr.  Jorge IARECHE (UNLaM).<br \/>\nCo-directora: Mgter. Gladys Noem\u00ed DAPOZO (UNNE).<br \/>\n<\/div>\n\n\n\n<div style=\"height:20px\" aria-hidden=\"true\" class=\"wp-block-spacer\"><\/div>\n\n\n<span class=\"collapseomatic \" id=\"id69f1df984338c\"  tabindex=\"0\" title=\"Mgter. Karina Beatriz ECKERT\"    >Mgter. Karina Beatriz ECKERT<\/span><span id='swap-id69f1df984338c'  class='colomat-swap' style='display:none;'>Mgter. Eckert, Karina Beatriz<\/span><div id=\"target-id69f1df984338c\" class=\"collapseomatic_content \">\nTema: <a href=\"\/mti\/wp-content\/uploads\/TFM_Eckert_Karina.pdf\" target=\"_blank\" rel=\"noopener noreferrer\">\u00abModelo basado en la Toma Decisiones con Criterios M\u00faltiples para la elecci\u00f3n de Metodolog\u00edas de Data Science\u00bb <\/a><br \/>\nDirectora: Dra. Paola Ver\u00f3nica BRITOS (UNRN).<br \/>\n<\/div>\n\n\n\n<div style=\"height:20px\" aria-hidden=\"true\" class=\"wp-block-spacer\"><\/div>\n\n\n<span class=\"collapseomatic \" id=\"id69f1df98433b1\"  tabindex=\"0\" title=\"Mgter. Jes\u00fas Germ\u00e1n Andr\u00e9s PAUTSCH\"    >Mgter. Jes\u00fas Germ\u00e1n Andr\u00e9s PAUTSCH<\/span><span id='swap-id69f1df98433b1'  class='colomat-swap' style='display:none;'>Mgter. Pautsch, Jes\u00fas Germ\u00e1n Andr\u00e9s<\/span><div id=\"target-id69f1df98433b1\" class=\"collapseomatic_content \">\nTema: <a href=\"\/mti\/wp-content\/uploads\/TFM_Pautsch_German.pdf\" target=\"_blank\" rel=\"noopener noreferrer\">\u00abReplicaci\u00f3n de datos para dar soporte al Programa de Expansi\u00f3n Territorial de la Universidad Nacional de Misiones\u00bb<\/a><br \/>\nDirector: Dr. Silvio GONNET (UTN).<br \/>\nCo-director: Dr. Eduardo ZAMUDIO (UNaM).<br \/>\n<\/div>\n\n\n\n<div style=\"height:20px\" aria-hidden=\"true\" class=\"wp-block-spacer\"><\/div>\n\n\n\n<p><\/p>\n\n\n<span class=\"collapseomatic \" id=\"id69f1df98433cf\"  tabindex=\"0\" title=\"Mgter. Hugo Rolando HAURECH \"    >Mgter. Hugo Rolando HAURECH <\/span><span id='swap-id69f1df98433cf'  class='colomat-swap' style='display:none;'>Mgter. Hugo Rolando HAURECH<\/span><div id=\"target-id69f1df98433cf\" class=\"collapseomatic_content \">\nTema: <a href=\"\/mti\/wp-content\/uploads\/TFM_Haurech_Hugo.pdf\" target=\"_blank\" rel=\"noopener noreferrer\">\u00abMetodolog\u00eda para la selecci\u00f3n de recursos computacionales gestionados con tecnolog\u00edas de cloud computing en ambientes educativos\u00bb<\/a><br \/>\nDirector: Dr. David Luis LA RED MART\u00cdNEZ (UNNE)<br \/>\n<\/div>\n\n\n\n<div style=\"height:20px\" aria-hidden=\"true\" class=\"wp-block-spacer\"><\/div>\n\n\n<span class=\"collapseomatic \" id=\"id69f1df98433ea\"  tabindex=\"0\" title=\"Mgter. Yanina Andrea CAFFETTI \"    >Mgter. Yanina Andrea CAFFETTI <\/span><span id='swap-id69f1df98433ea'  class='colomat-swap' style='display:none;'>Mgter. Yanina Andrea CAFFETTI<\/span><div id=\"target-id69f1df98433ea\" class=\"collapseomatic_content \">\nTema: <a href=\"\/mti\/wp-content\/uploads\/TFM_Caffetti_Yanina.pdf\" target=\"_blank\" rel=\"noopener noreferrer\">\u00abReconocimiento y clasificaci\u00f3n de patrones en im\u00e1genes de microscopia, parametrizadas seg\u00fan la T\u00e9cnica de Micron\u00facleos\u00bb<\/a><br \/>\nDirector: Dr. Nelson ACOSTA (UNICEN)<br \/>\nCo-directora: Dra. Jacqueline Diana CAFFETTI (UNaM)<br \/>\n<\/div>\n\n\n\n<div style=\"height:20px\" aria-hidden=\"true\" class=\"wp-block-spacer\"><\/div>\n\n\n<span class=\"collapseomatic \" id=\"id69f1df9843404\"  tabindex=\"0\" title=\"Mgter. Julio Agust\u00edn ENCINA \"    >Mgter. Julio Agust\u00edn ENCINA <\/span><span id='swap-id69f1df9843404'  class='colomat-swap' style='display:none;'>Mgter. Julio Agust\u00edn ENCINA <\/span><div id=\"target-id69f1df9843404\" class=\"collapseomatic_content \">\nTema: <a href=\"\/mti\/wp-content\/uploads\/TFM_Encina_Julio.pdf\" target=\"_blank\" rel=\"noopener noreferrer\">\u00abl-Cognocracia: modelo de democracia participativa mediada por las TIC\u00bb<\/a><br \/>\nDirectora: Mgter. Olga Myriam KURTZ (UNaM)<br \/>\n<\/div>\n\n\n\n<div style=\"height:20px\" aria-hidden=\"true\" class=\"wp-block-spacer\"><\/div>\n\n\n<span class=\"collapseomatic \" id=\"id69f1df984341d\"  tabindex=\"0\" title=\"Mgter. Mar\u00eda Silvia VERA LACEIRAS\"    >Mgter. Mar\u00eda Silvia VERA LACEIRAS<\/span><span id='swap-id69f1df984341d'  class='colomat-swap' style='display:none;'>Mgter. Mar\u00eda Silvia VERA LACEIRAS<\/span><div id=\"target-id69f1df984341d\" class=\"collapseomatic_content \">\nTema: <a href=\"\/mti\/wp-content\/uploads\/TFM_VeraLaceiras_Silvia.pdf\" target=\"_blank\" rel=\"noopener noreferrer\">\u00abProcesamiento digital de im\u00e1genes citogen\u00e9ticas para su clasificaci\u00f3n\u00bb<\/a><br \/>\nDirectora: Dra. Mar\u00eda In\u00e9s PISARELLO (UNNE)<br \/>\nCo-directora: Dra. Jacqueline Diana CAFFETTI (UNaM)<br \/>\n<\/div>\n\n\n\n<div style=\"height:20px\" aria-hidden=\"true\" class=\"wp-block-spacer\"><\/div>\n\n\n<span class=\"collapseomatic \" id=\"id69f1df9843436\"  tabindex=\"0\" title=\"Mgter. Sergio Fabi\u00e1n VIER \"    >Mgter. Sergio Fabi\u00e1n VIER <\/span><span id='swap-id69f1df9843436'  class='colomat-swap' style='display:none;'>Mgter. Sergio Fabi\u00e1n VIER<\/span><div id=\"target-id69f1df9843436\" class=\"collapseomatic_content \">\nTema: <a href=\"\/mti\/wp-content\/uploads\/TFM_Vier_Sergio.pdf\" target=\"_blank\" rel=\"noopener noreferrer\">\u201cDise\u00f1o y construcci\u00f3n de una metodolog\u00eda de pruebas continuas aplicable al modelo de desarrollo de software dentro del Sistema de Informaci\u00f3n Universitaria\u201d<\/a><br \/>\nDirectora: Dr. Emanuel Irrazabal (UNNE)<br \/>\n<\/div>\n\n\n\n<div style=\"height:20px\" aria-hidden=\"true\" class=\"wp-block-spacer\"><\/div>\n\n\n<span class=\"collapseomatic \" id=\"id69f1df9843450\"  tabindex=\"0\" title=\"Mgter. Mar\u00eda Daniela ROL\u00d3N\"    >Mgter. Mar\u00eda Daniela ROL\u00d3N<\/span><span id='swap-id69f1df9843450'  class='colomat-swap' style='display:none;'>Mgter. Mar\u00eda Daniela ROL\u00d3N<\/span><div id=\"target-id69f1df9843450\" class=\"collapseomatic_content \">\nTema: <a href=\"\/mti\/wp-content\/uploads\/TFM_RolonDaniela.pdf\" target=\"_blank\" rel=\"noopener noreferrer\">\u00abMetodolog\u00eda para el desarrollo de Datamarts en Universidades Nacionales del Consorcio SIU. Caso de Estudio: \u00c1rea Graduados de la FCEQyN\u00bb<\/a><br \/>\nDirector: Dr. Eduardo ZAMUDIO (UNaM)<br \/>\nCo-Director: Mgter. Germ\u00e1n Andr\u00e9s PAUTSCH (UNaM)<br \/>\n<\/div>\n\n\n\n<div style=\"height:20px\" aria-hidden=\"true\" class=\"wp-block-spacer\"><\/div>\n\n\n<span class=\"collapseomatic \" id=\"id69f1df9843469\"  tabindex=\"0\" title=\"Mgter. Sergio Daniel CABALLERO\"    >Mgter. Sergio Daniel CABALLERO<\/span><span id='swap-id69f1df9843469'  class='colomat-swap' style='display:none;'>Mgter. Sergio Daniel CABALLERO<\/span><div id=\"target-id69f1df9843469\" class=\"collapseomatic_content \">\nTema: <a href=\"\/mti\/wp-content\/uploads\/TFM_CaballeroSergio.pdf\" target=\"_blank\" rel=\"noopener noreferrer\">\u00abAn\u00e1lisis y Gesti\u00f3n de Riesgo en Proyectos Software<br \/>\nUn nuevo modelo integrando la metodolog\u00eda SEI y Magerit3<br \/>\nCaso de estudio Servicio M\u00e9dico Asistencial de la Universidad Nacional de Misiones\u00bb<\/a><br \/>\nDirector: Dr. Horacio Daniel KUNA (UNaM)<br \/>\n<\/div>\n\n\n\n<div style=\"height:20px\" aria-hidden=\"true\" class=\"wp-block-spacer\"><\/div>\n\n\n<span class=\"collapseomatic \" id=\"id69f1df9843481\"  tabindex=\"0\" title=\"Mgter. Mart\u00edn Gustavo REY\"    >Mgter. Mart\u00edn Gustavo REY<\/span><span id='swap-id69f1df9843481'  class='colomat-swap' style='display:none;'>Mgter. Mart\u00edn Gustavo REY<\/span><div id=\"target-id69f1df9843481\" class=\"collapseomatic_content \">\nTema: <a href=\"\/mti\/wp-content\/uploads\/TFM_Rey_Martin.pdf\" target=\"_blank\" rel=\"noopener noreferrer\">\u00abSelecci\u00f3n de T\u00e9cnicas \u00c1giles para la Gesti\u00f3n de Proyectos de Ciencia de Datos en Peque\u00f1as y Medianas Organizaciones\u00bb<\/a><br \/>\nDirector: Dr. Horacio Daniel KUNA (UNaM)<br \/>\nCo-Director: Dr. Emanuel IRRAZABAL (UNNE)<br \/>\n<\/div>\n\n\n\n<div style=\"height:20px\" aria-hidden=\"true\" class=\"wp-block-spacer\"><\/div>\n\n\n<span class=\"collapseomatic \" id=\"id69f1df984349a\"  tabindex=\"0\" title=\"Mgter. Ricardo Gabriel LOPEZ\"    >Mgter. Ricardo Gabriel LOPEZ<\/span><span id='swap-id69f1df984349a'  class='colomat-swap' style='display:none;'>Mgter. Ricardo Gabriel LOPEZ<\/span><div id=\"target-id69f1df984349a\" class=\"collapseomatic_content \">\nTema: <a href=\"\/mti\/wp-content\/uploads\/TFM_Lopez_Ricardo.pdf\" target=\"_blank\" rel=\"noopener noreferrer\">\u00abReingenier\u00eda de procesos de mantenimiento de equipos biom\u00e9dicos mediante la implementaci\u00f3n de Gesti\u00f3n de Calidad en un Parque de la Salud cumplimentando Norma ISO 9001:2015\u00bb.<\/a><br \/>\nDirectora: Dra. Alicia L. MON (UNLaM)<br \/>\n<\/div>\n\n\n\n<div style=\"height:20px\" aria-hidden=\"true\" class=\"wp-block-spacer\"><\/div>\n\n\n<span class=\"collapseomatic \" id=\"id69f1df98434b2\"  tabindex=\"0\" title=\"Mgter. Betina FERRARIS\"    >Mgter. Betina FERRARIS<\/span><span id='swap-id69f1df98434b2'  class='colomat-swap' style='display:none;'>Mgter. Betina FERRARIS<\/span><div id=\"target-id69f1df98434b2\" class=\"collapseomatic_content \">\nTema: <a href=\"\/mti\/wp-content\/uploads\/TFM_Ferraris_Betina.pdf\" target=\"_blank\" rel=\"noopener noreferrer\">\u00abMetodolog\u00eda para Implementar el Sistema SIU-Guaran\u00ed 3 en la Universidad Nacional de Misiones\u00bb.<\/a><br \/>\nDirector: Dr. Horacio Daniel KUNA (UNaM)<br \/>\n<\/div>\n\n\n\n<div style=\"height:20px\" aria-hidden=\"true\" class=\"wp-block-spacer\"><\/div>\n\n\n<span class=\"collapseomatic \" id=\"id69f1df98434cb\"  tabindex=\"0\" title=\"Mgter. Mgter. Jos\u00e9 Luis YAINIKOSKI\"    >Mgter. Mgter. Jos\u00e9 Luis YAINIKOSKI<\/span><span id='swap-id69f1df98434cb'  class='colomat-swap' style='display:none;'>Mgter. Jos\u00e9 Luis YAINIKOSKI<\/span><div id=\"target-id69f1df98434cb\" class=\"collapseomatic_content \">\nTema: <a href=\"\/mti\/wp-content\/uploads\/TFM_Yainikoski_Jose.pdf\" target=\"_blank\" rel=\"noopener noreferrer\">\u00abModelo de Gesti\u00f3n de Calidad de Metadatos en el Repositorio Institucional de la UNaM\u00bb<\/a><br \/>\nDirector: Dr. Horacio Daniel KUNA (UNaM)<br \/>\n<\/div>\n\n\n\n<div style=\"height:20px\" aria-hidden=\"true\" class=\"wp-block-spacer\"><\/div>\n\n\n<span class=\"collapseomatic \" id=\"id69f1df98434e3\"  tabindex=\"0\" title=\"Mgter. Rub\u00e9n Ricardo URQUIJO\"    >Mgter. Rub\u00e9n Ricardo URQUIJO<\/span><span id='swap-id69f1df98434e3'  class='colomat-swap' style='display:none;'>Mgter. Rub\u00e9n Ricardo URQUIJO<\/span><div id=\"target-id69f1df98434e3\" class=\"collapseomatic_content \">\nTema: <a href=\"\/mti\/wp-content\/uploads\/TFM_Urquijo_Ruben.pdf\" target=\"_blank\" rel=\"noopener noreferrer\">\u201cInternet de las Cosas (IoT) aplicada a un sistema de monitoreo de una c\u00e1mara de germinaci\u00f3n hidrop\u00f3nica\u201d<\/a><br \/>\nDirector: Dr. Marcelo MARINELLI (UNaM)<br \/>\n<\/div>\n\n\n\n<div style=\"height:20px\" aria-hidden=\"true\" class=\"wp-block-spacer\"><\/div>\n\n\n<span class=\"collapseomatic \" id=\"id69f1df98434fa\"  tabindex=\"0\" title=\"Mgter. Omar Mart\u00edn ANTONIO\"    >Mgter. Omar Mart\u00edn ANTONIO<\/span><span id='swap-id69f1df98434fa'  class='colomat-swap' style='display:none;'>Mgter.  Omar Mart\u00edn ANTONIO<\/span><div id=\"target-id69f1df98434fa\" class=\"collapseomatic_content \">\nTema: <a href=\"\/mti\/wp-content\/uploads\/TFM_Antonio_Omar.pdf\" target=\"_blank\" rel=\"noopener noreferrer\">\u201cGestor de autenticaci\u00f3n de usuarios centralizado para entornos de red heterog\u00e9neos. Caso de Estudio: Tribunal Electoral de Misiones \u201d<\/a><br \/>\nDirector: Dr. Marcelo MARINELLI (UNaM)<br \/>\nCo-Director: Dr. Emanuel IRRAZABAL (UNNE)<br \/>\n<\/div>\n\n\n\n<div style=\"height:20px\" aria-hidden=\"true\" class=\"wp-block-spacer\"><\/div>\n\n\n<span class=\"collapseomatic \" id=\"id69f1df9843513\"  tabindex=\"0\" title=\"Mgter. Fausto Fabi\u00e1n GARCETE\"    >Mgter. Fausto Fabi\u00e1n GARCETE<\/span><span id='swap-id69f1df9843513'  class='colomat-swap' style='display:none;'>Mgter. Fausto Fabi\u00e1n GARCETE<\/span><div id=\"target-id69f1df9843513\" class=\"collapseomatic_content \">\nTema: <a href=\"\/mti\/wp-content\/uploads\/TFM_Garcete_Fausto.pdf\" target=\"_blank\" rel=\"noopener noreferrer\">\u201cSistema embebido para la calibraci\u00f3n de humedad del suelo utilizado en la experimentaci\u00f3n del Instituto de Materiales de Misiones\u201d<\/a><br \/>\nDirector: Dr. Marcelo MARINELLI (UNaM)<br \/>\nCo-Director: Dr. Eduardo ZAMUDIO (UNNE)<br \/>\n<\/div>\n\n\n\n<div style=\"height:20px\" aria-hidden=\"true\" class=\"wp-block-spacer\"><\/div>\n\n\n<span class=\"collapseomatic \" id=\"id69f1df984352b\"  tabindex=\"0\" title=\"Mgter. Alejandro MICHELOUD\"    >Mgter. Alejandro MICHELOUD<\/span><span id='swap-id69f1df984352b'  class='colomat-swap' style='display:none;'>Mgter. Alejandro MICHELOUD<\/span><div id=\"target-id69f1df984352b\" class=\"collapseomatic_content \">\nTema: <a href=\"\/mti\/wp-content\/uploads\/TFM_micheloud_alejandro.pdf\" target=\"_blank\" rel=\"noopener noreferrer\">\u201cAplicaci\u00f3n de Design Thinking para el desarrollo de entornos educativos interactivos en educaci\u00f3n superior\u201d<\/a><br \/>\nDirector: Dr. Eduardo ZAMUDIO (UNaM)<br \/>\nCo-Director: Dr. Joaqu\u00edn Sotelo Gonz\u00e1lez (Universidad Complutense de Madrid)<br \/>\n<\/div>\n\n\n\n<div style=\"height:20px\" aria-hidden=\"true\" class=\"wp-block-spacer\"><\/div>\n\n\n<span class=\"collapseomatic \" id=\"id69f1df9843542\"  tabindex=\"0\" title=\"Mgter. Fabio Alberto LEDESMA.\"    >Mgter. Fabio Alberto LEDESMA.<\/span><span id='swap-id69f1df9843542'  class='colomat-swap' style='display:none;'>Mgter. Fabio Alberto LEDESMA.<\/span><div id=\"target-id69f1df9843542\" class=\"collapseomatic_content \">\nTema: <a href=\"\/mti\/wp-content\/uploads\/TFM_ledesma_fabio.pdf\" target=\"_blank\" rel=\"noopener noreferrer\">\u201cPreservaci\u00f3n del Patrimonio Cultural Inmaterial por medio de Realidad Virtual. Caso: Reconstrucci\u00f3n virtual del escenario de la Batalla de Ap\u00f3stoles, Ap\u00f3stoles Misiones\u201d<\/a><br \/>\nDirector: Dr. Nelson ACOSTA (UNICEN)<br \/>\n<\/div>\n\n\n\n<div style=\"height:20px\" aria-hidden=\"true\" class=\"wp-block-spacer\"><\/div>\n\n\n<span class=\"collapseomatic \" id=\"id69f1df984355a\"  tabindex=\"0\" title=\"Mgter. Eduardo Hugo BENNESCH\"    >Mgter. Eduardo Hugo BENNESCH<\/span><span id='swap-id69f1df984355a'  class='colomat-swap' style='display:none;'>Mgter. Eduardo Hugo BENNESCH<\/span><div id=\"target-id69f1df984355a\" class=\"collapseomatic_content \">\nTema: <a href=\"\/mti\/wp-content\/uploads\/Modelo_bennesch.pdf\" target=\"_blank\" rel=\"noopener noreferrer\">\u201cModelo de Location Business Analytics en Cloud para pymes del sector de comercializaci\u00f3n de insumos y herramientas para la construcci\u00f3n del NEA Argentino\u201d<\/a><br \/>\nDirector: Dr. Diego GODOY<br \/>\nCo-Director: Mgter. Karina ECKERT<br \/>\n<\/div>\n\n\n\n<div style=\"height:20px\" aria-hidden=\"true\" class=\"wp-block-spacer\"><\/div>\n\n\n<span class=\"collapseomatic \" id=\"id69f1df9843572\"  tabindex=\"0\" title=\"Mgter. Daniel Eduardo ONEDDU\"    >Mgter. Daniel Eduardo ONEDDU<\/span><span id='swap-id69f1df9843572'  class='colomat-swap' style='display:none;'>Mgter. Daniel Eduardo ONEDDU<\/span><div id=\"target-id69f1df9843572\" class=\"collapseomatic_content \">\nTema: <a href=\"\/mti\/wp-content\/uploads\/TFM_Onnedu.pdf\" target=\"_blank\" rel=\"noopener noreferrer\">\u201cAN\u00c1LISIS DE PROTOCOLO MQTT CON BROKER MOSQUITTO APLICADO EN DISPOSITIVOS IOT MEDIANTE SISTEMAS DE CONTROL Y TELEMETR\u00cdA DE INVERNADEROS. Estudio de Caso: Jard\u00edn Bot\u00e1nico de la Ciudad de Posadas, Provincia de Misiones, Rep\u00fablica Argentina\u201d<\/a><br \/>\nDirector: Dr. Marcelo MARINELLI<br \/>\nCo-Director: Dra. Nancy GANZ<br \/>\nCo-director: Mgter. Ruben URQUIJO<br \/>\n<\/div>\n\n\n\n<div style=\"height:20px\" aria-hidden=\"true\" class=\"wp-block-spacer\"><\/div>\n\n\n\n<p><\/p>\n","protected":false},"excerpt":{"rendered":"<p> <a class=\"continue-reading-link\" href=\"https:\/\/www.fceqyn.unam.edu.ar\/mti\/?page_id=4879\"><span>Leer M\u00e1s<\/span><i class=\"icon-right-dir\"><\/i><\/a><\/p>\n","protected":false},"author":1,"featured_media":0,"parent":0,"menu_order":0,"comment_status":"closed","ping_status":"closed","template":"","meta":[],"_links":{"self":[{"href":"https:\/\/www.fceqyn.unam.edu.ar\/mti\/index.php?rest_route=\/wp\/v2\/pages\/4879"}],"collection":[{"href":"https:\/\/www.fceqyn.unam.edu.ar\/mti\/index.php?rest_route=\/wp\/v2\/pages"}],"about":[{"href":"https:\/\/www.fceqyn.unam.edu.ar\/mti\/index.php?rest_route=\/wp\/v2\/types\/page"}],"author":[{"embeddable":true,"href":"https:\/\/www.fceqyn.unam.edu.ar\/mti\/index.php?rest_route=\/wp\/v2\/users\/1"}],"replies":[{"embeddable":true,"href":"https:\/\/www.fceqyn.unam.edu.ar\/mti\/index.php?rest_route=%2Fwp%2Fv2%2Fcomments&post=4879"}],"version-history":[{"count":36,"href":"https:\/\/www.fceqyn.unam.edu.ar\/mti\/index.php?rest_route=\/wp\/v2\/pages\/4879\/revisions"}],"predecessor-version":[{"id":5218,"href":"https:\/\/www.fceqyn.unam.edu.ar\/mti\/index.php?rest_route=\/wp\/v2\/pages\/4879\/revisions\/5218"}],"wp:attachment":[{"href":"https:\/\/www.fceqyn.unam.edu.ar\/mti\/index.php?rest_route=%2Fwp%2Fv2%2Fmedia&parent=4879"}],"curies":[{"name":"wp","href":"https:\/\/api.w.org\/{rel}","templated":true}]}}