{"id":4859,"date":"2019-10-17T15:14:10","date_gmt":"2019-10-17T15:14:10","guid":{"rendered":"https:\/\/www.fceqyn.unam.edu.ar\/mti\/?page_id=4859"},"modified":"2019-10-18T12:03:49","modified_gmt":"2019-10-18T12:03:49","slug":"objetivos","status":"publish","type":"page","link":"https:\/\/www.fceqyn.unam.edu.ar\/mti\/?page_id=4859","title":{"rendered":"Objetivos"},"content":{"rendered":"\n<p>La <strong>Maestr\u00eda en Tecnolog\u00edas de la Informaci\u00f3n <\/strong>tiene\n como objetivo general promover la formaci\u00f3n de profesionales con las \ncompetencias necesarias para potenciar las capacidades de innovaci\u00f3n y \nde desarrollo tecnol\u00f3gico relacionados con las TIC, tanto en las \nempresas como en los organismos p\u00fablicos de la regi\u00f3n.<br>Son objetivos espec\u00edficos de la Maestr\u00eda:<\/p>\n\n\n\n<ul><li>Formar profesionales que promuevan y \noptimicen el uso de las tecnolog\u00edas de la informaci\u00f3n orientados a \npotenciar las capacidades y competitividad de los distintos sectores de \nla actividad econ\u00f3mica y productiva de la regi\u00f3n, como as\u00ed tambi\u00e9n de \nlos organismos p\u00fablicos.<\/li><li>Establecer una oferta sustentable de \nformaci\u00f3n de recursos humanos en el desarrollo y gesti\u00f3n de software y \nen la implementaci\u00f3n de soluciones inform\u00e1ticas, que permitir\u00e1 \nretroalimentar el sistema con profesionales altamente calificados que \ngarantizar\u00e1n un c\u00edrculo virtuoso de aprendizaje empresarial e \ninstitucional.<\/li><li>Potenciar el desarrollo de la \nInform\u00e1tica en la regi\u00f3n a partir del esfuerzo conjunto de las \ninstituciones que ofrecen la formaci\u00f3n de grado en Inform\u00e1tica, mediante\n la integraci\u00f3n de sus recursos humanos especializados y altamente \ncalificados y de la infraestructura necesaria para el desarrollo de las \nactividades.<\/li><li>Elevar la calificaci\u00f3n y cantidad de \nlos RRHH ya dedicados a la gesti\u00f3n de tecnolog\u00edas inform\u00e1ticas y a la \npuesta en valor y transferencia de los mismos, tomando como base las \nactividades de I+D+i, que se desarrollan tanto en el mundo acad\u00e9mico \ncomo en el empresarial y gubernamental, promoviendo las capacidades \ntecnol\u00f3gicas y de innovaci\u00f3n de las empresas en nuestra regi\u00f3n y en los \ndiferentes sectores del quehacer econ\u00f3mico.<\/li><\/ul>\n","protected":false},"excerpt":{"rendered":"<p>La Maestr\u00eda en Tecnolog\u00edas de la Informaci\u00f3n tiene como objetivo general promover la formaci\u00f3n de profesionales con las competencias necesarias\u2026<\/p>\n<p> <a class=\"continue-reading-link\" href=\"https:\/\/www.fceqyn.unam.edu.ar\/mti\/?page_id=4859\"><span>Leer M\u00e1s<\/span><i class=\"icon-right-dir\"><\/i><\/a><\/p>\n","protected":false},"author":1,"featured_media":0,"parent":0,"menu_order":0,"comment_status":"closed","ping_status":"closed","template":"","meta":[],"_links":{"self":[{"href":"https:\/\/www.fceqyn.unam.edu.ar\/mti\/index.php?rest_route=\/wp\/v2\/pages\/4859"}],"collection":[{"href":"https:\/\/www.fceqyn.unam.edu.ar\/mti\/index.php?rest_route=\/wp\/v2\/pages"}],"about":[{"href":"https:\/\/www.fceqyn.unam.edu.ar\/mti\/index.php?rest_route=\/wp\/v2\/types\/page"}],"author":[{"embeddable":true,"href":"https:\/\/www.fceqyn.unam.edu.ar\/mti\/index.php?rest_route=\/wp\/v2\/users\/1"}],"replies":[{"embeddable":true,"href":"https:\/\/www.fceqyn.unam.edu.ar\/mti\/index.php?rest_route=%2Fwp%2Fv2%2Fcomments&post=4859"}],"version-history":[{"count":2,"href":"https:\/\/www.fceqyn.unam.edu.ar\/mti\/index.php?rest_route=\/wp\/v2\/pages\/4859\/revisions"}],"predecessor-version":[{"id":4904,"href":"https:\/\/www.fceqyn.unam.edu.ar\/mti\/index.php?rest_route=\/wp\/v2\/pages\/4859\/revisions\/4904"}],"wp:attachment":[{"href":"https:\/\/www.fceqyn.unam.edu.ar\/mti\/index.php?rest_route=%2Fwp%2Fv2%2Fmedia&parent=4859"}],"curies":[{"name":"wp","href":"https:\/\/api.w.org\/{rel}","templated":true}]}}